{"id":95,"date":"2025-04-28T17:40:40","date_gmt":"2025-04-28T15:40:40","guid":{"rendered":"https:\/\/www.st-egidien.de\/kinderwelt\/?page_id=95"},"modified":"2026-08-12T11:17:11","modified_gmt":"2026-08-12T09:17:11","slug":"home","status":"publish","type":"page","link":"https:\/\/www.st-egidien.de\/kinderwelt\/","title":{"rendered":"Home"},"content":{"rendered":"<div class=\"wpb-content-wrapper\" id=\"wpb-content-root\"><p>[vc_row][vc_column width=&#8221;3\/4&#8243;][vc_column_text css_animation=&#8221;fadeInDown&#8221;]<\/p>\n<h2>Herzlich willkommen im neuen Betreuungsjahr!<\/h2>\n<p>Ein herzliches Willkommen an alle neuen Kinder und Familien! Wir freuen uns sehr, euch bei uns begr\u00fc\u00dfen und ein St\u00fcck auf eurem Weg begleiten zu d\u00fcrfen.<\/p>\n<p>Allen Kindern, die in die Schule starten, w\u00fcnschen wir einen tollen Schulanfang, viel Freude, spannende Erlebnisse und ganz viel Erfolg f\u00fcr ihren neuen Lebensabschnitt.<\/p>\n<p>Auch f\u00fcr alle Kinder, die in eine neue Gruppe wechseln \u2013 ob von der Krippe in die Kita oder innerhalb der Kita \u2013 w\u00fcnschen wir einen guten Start, viele neue Freunde und dass ihr euch schnell wohl und geborgen f\u00fchlt.<\/p>\n<p>F\u00fcr das kommende Betreuungsjahr w\u00fcnschen wir allen Kindern und Familien eine sch\u00f6ne, fr\u00f6hliche und erlebnisreiche Zeit.<\/p>\n<p>&nbsp;<\/p>\n<p>Wir freuen uns auf eine vertrauensvolle, offene und wertsch\u00e4tzende Zusammenarbeit mit allen Eltern und auf ein neues Jahr voller gemeinsamer sch\u00f6ner Momente!<\/p>\n<p>&nbsp;<\/p>\n<p>Sch\u00f6n, dass ihr alle da seid! \u2764\ufe0f<\/p>\n<p>Das Team der Kinderwelt St.Egidien[\/vc_column_text][vc_single_image image=&#8221;418&#8243; img_size=&#8221;full&#8221; css_animation=&#8221;fadeInDown&#8221;][\/vc_column][vc_column width=&#8221;1\/4&#8243;][vc_wp_search][vc_separator][vc_wp_tagcloud taxonomy=&#8221;post_tag&#8221;][\/vc_column][\/vc_row][vc_row][vc_column][vc_column_text][\/vc_column_text][\/vc_column][\/vc_row]<\/p>\n<\/div>","protected":false},"excerpt":{"rendered":"<p>[vc_row][vc_column width=&#8221;3\/4&#8243;][vc_column_text css_animation=&#8221;fadeInDown&#8221;] Herzlich willkommen im neuen Betreuungsjahr! Ein herzliches Willkommen an alle neuen Kinder und Familien! Wir freuen uns sehr, euch bei uns begr\u00fc\u00dfen und ein St\u00fcck auf eurem Weg begleiten zu d\u00fcrfen. Allen Kindern, die in die Schule starten, w\u00fcnschen wir einen tollen Schulanfang, viel Freude, spannende Erlebnisse und ganz viel Erfolg f\u00fcr&hellip;<\/p>\n","protected":false},"author":9,"featured_media":0,"parent":0,"menu_order":0,"comment_status":"closed","ping_status":"closed","template":"","meta":{"_acf_changed":false,"footnotes":""},"class_list":["post-95","page","type-page","status-publish","hentry","description-off"],"acf":[],"yoast_head":"<!-- This site is optimized with the Yoast SEO plugin v28.4 - https:\/\/yoast.com\/product\/yoast-seo-wordpress\/ -->\r\n<title>Home - Kinderwelt St.Egidien<\/title>\r\n<meta name=\"robots\" content=\"index, follow, max-snippet:-1, max-image-preview:large, max-video-preview:-1\" \/>\r\n<link rel=\"canonical\" href=\"https:\/\/www.st-egidien.de\/kinderwelt\/\" \/>\r\n<meta property=\"og:locale\" content=\"de_DE\" \/>\r\n<meta property=\"og:type\" content=\"article\" \/>\r\n<meta property=\"og:title\" content=\"Home - Kinderwelt St.Egidien\" \/>\r\n<meta property=\"og:description\" content=\"[vc_row][vc_column width=&#8221;3\/4&#8243;][vc_column_text css_animation=&#8221;fadeInDown&#8221;] Herzlich willkommen im neuen Betreuungsjahr! Ein herzliches Willkommen an alle neuen Kinder und Familien! Wir freuen uns sehr, euch bei uns begr\u00fc\u00dfen und ein St\u00fcck auf eurem Weg begleiten zu d\u00fcrfen. Allen Kindern, die in die Schule starten, w\u00fcnschen wir einen tollen Schulanfang, viel Freude, spannende Erlebnisse und ganz viel Erfolg f\u00fcr&hellip;\" \/>\r\n<meta property=\"og:url\" content=\"https:\/\/www.st-egidien.de\/kinderwelt\/\" \/>\r\n<meta property=\"og:site_name\" content=\"Kinderwelt St.Egidien\" \/>\r\n<meta property=\"article:modified_time\" content=\"2026-08-12T09:17:11+00:00\" \/>\r\n<meta name=\"twitter:card\" content=\"summary_large_image\" \/>\r\n<meta name=\"twitter:label1\" content=\"Gesch\u00e4tzte Lesezeit\" \/>\n\t<meta name=\"twitter:data1\" content=\"2\u00a0Minuten\" \/>\r\n<script type=\"application\/ld+json\" class=\"yoast-schema-graph\">{\"@context\":\"https:\\\/\\\/schema.org\",\"@graph\":[{\"@type\":\"WebPage\",\"@id\":\"https:\\\/\\\/www.st-egidien.de\\\/kinderwelt\\\/\",\"url\":\"https:\\\/\\\/www.st-egidien.de\\\/kinderwelt\\\/\",\"name\":\"Home - Kinderwelt St.Egidien\",\"isPartOf\":{\"@id\":\"https:\\\/\\\/www.st-egidien.de\\\/kinderwelt\\\/#website\"},\"datePublished\":\"2025-04-28T15:40:40+00:00\",\"dateModified\":\"2026-08-12T09:17:11+00:00\",\"breadcrumb\":{\"@id\":\"https:\\\/\\\/www.st-egidien.de\\\/kinderwelt\\\/#breadcrumb\"},\"inLanguage\":\"de\",\"potentialAction\":[{\"@type\":\"ReadAction\",\"target\":[\"https:\\\/\\\/www.st-egidien.de\\\/kinderwelt\\\/\"]}]},{\"@type\":\"BreadcrumbList\",\"@id\":\"https:\\\/\\\/www.st-egidien.de\\\/kinderwelt\\\/#breadcrumb\",\"itemListElement\":[{\"@type\":\"ListItem\",\"position\":1,\"name\":\"Startseite\",\"item\":\"https:\\\/\\\/www.st-egidien.de\\\/kinderwelt\\\/\"},{\"@type\":\"ListItem\",\"position\":2,\"name\":\"Home\"}]},{\"@type\":\"WebSite\",\"@id\":\"https:\\\/\\\/www.st-egidien.de\\\/kinderwelt\\\/#website\",\"url\":\"https:\\\/\\\/www.st-egidien.de\\\/kinderwelt\\\/\",\"name\":\"Kinderwelt St.Egidien\",\"description\":\"Kindertageseinrichtung\",\"potentialAction\":[{\"@type\":\"SearchAction\",\"target\":{\"@type\":\"EntryPoint\",\"urlTemplate\":\"https:\\\/\\\/www.st-egidien.de\\\/kinderwelt\\\/?s={search_term_string}\"},\"query-input\":{\"@type\":\"PropertyValueSpecification\",\"valueRequired\":true,\"valueName\":\"search_term_string\"}}],\"inLanguage\":\"de\"}]}<\/script>\r\n<!-- \/ Yoast SEO plugin. -->","yoast_head_json":{"title":"Home - Kinderwelt St.Egidien","robots":{"index":"index","follow":"follow","max-snippet":"max-snippet:-1","max-image-preview":"max-image-preview:large","max-video-preview":"max-video-preview:-1"},"canonical":"https:\/\/www.st-egidien.de\/kinderwelt\/","og_locale":"de_DE","og_type":"article","og_title":"Home - Kinderwelt St.Egidien","og_description":"[vc_row][vc_column width=&#8221;3\/4&#8243;][vc_column_text css_animation=&#8221;fadeInDown&#8221;] Herzlich willkommen im neuen Betreuungsjahr! Ein herzliches Willkommen an alle neuen Kinder und Familien! Wir freuen uns sehr, euch bei uns begr\u00fc\u00dfen und ein St\u00fcck auf eurem Weg begleiten zu d\u00fcrfen. Allen Kindern, die in die Schule starten, w\u00fcnschen wir einen tollen Schulanfang, viel Freude, spannende Erlebnisse und ganz viel Erfolg f\u00fcr&hellip;","og_url":"https:\/\/www.st-egidien.de\/kinderwelt\/","og_site_name":"Kinderwelt St.Egidien","article_modified_time":"2026-08-12T09:17:11+00:00","twitter_card":"summary_large_image","twitter_misc":{"Gesch\u00e4tzte Lesezeit":"2\u00a0Minuten"},"schema":{"@context":"https:\/\/schema.org","@graph":[{"@type":"WebPage","@id":"https:\/\/www.st-egidien.de\/kinderwelt\/","url":"https:\/\/www.st-egidien.de\/kinderwelt\/","name":"Home - Kinderwelt St.Egidien","isPartOf":{"@id":"https:\/\/www.st-egidien.de\/kinderwelt\/#website"},"datePublished":"2025-04-28T15:40:40+00:00","dateModified":"2026-08-12T09:17:11+00:00","breadcrumb":{"@id":"https:\/\/www.st-egidien.de\/kinderwelt\/#breadcrumb"},"inLanguage":"de","potentialAction":[{"@type":"ReadAction","target":["https:\/\/www.st-egidien.de\/kinderwelt\/"]}]},{"@type":"BreadcrumbList","@id":"https:\/\/www.st-egidien.de\/kinderwelt\/#breadcrumb","itemListElement":[{"@type":"ListItem","position":1,"name":"Startseite","item":"https:\/\/www.st-egidien.de\/kinderwelt\/"},{"@type":"ListItem","position":2,"name":"Home"}]},{"@type":"WebSite","@id":"https:\/\/www.st-egidien.de\/kinderwelt\/#website","url":"https:\/\/www.st-egidien.de\/kinderwelt\/","name":"Kinderwelt St.Egidien","description":"Kindertageseinrichtung","potentialAction":[{"@type":"SearchAction","target":{"@type":"EntryPoint","urlTemplate":"https:\/\/www.st-egidien.de\/kinderwelt\/?s={search_term_string}"},"query-input":{"@type":"PropertyValueSpecification","valueRequired":true,"valueName":"search_term_string"}}],"inLanguage":"de"}]}},"_links":{"self":[{"href":"https:\/\/www.st-egidien.de\/kinderwelt\/wp-json\/wp\/v2\/pages\/95","targetHints":{"allow":["GET"]}}],"collection":[{"href":"https:\/\/www.st-egidien.de\/kinderwelt\/wp-json\/wp\/v2\/pages"}],"about":[{"href":"https:\/\/www.st-egidien.de\/kinderwelt\/wp-json\/wp\/v2\/types\/page"}],"author":[{"embeddable":true,"href":"https:\/\/www.st-egidien.de\/kinderwelt\/wp-json\/wp\/v2\/users\/9"}],"replies":[{"embeddable":true,"href":"https:\/\/www.st-egidien.de\/kinderwelt\/wp-json\/wp\/v2\/comments?post=95"}],"version-history":[{"count":15,"href":"https:\/\/www.st-egidien.de\/kinderwelt\/wp-json\/wp\/v2\/pages\/95\/revisions"}],"predecessor-version":[{"id":1031,"href":"https:\/\/www.st-egidien.de\/kinderwelt\/wp-json\/wp\/v2\/pages\/95\/revisions\/1031"}],"wp:attachment":[{"href":"https:\/\/www.st-egidien.de\/kinderwelt\/wp-json\/wp\/v2\/media?parent=95"}],"curies":[{"name":"wp","href":"https:\/\/api.w.org\/{rel}","templated":true}]}}